{"id":389,"date":"2022-08-13T09:11:50","date_gmt":"2022-08-13T09:11:50","guid":{"rendered":"http:\/\/brageac.fr\/?page_id=389"},"modified":"2023-06-23T18:08:59","modified_gmt":"2023-06-23T18:08:59","slug":"patrimoine","status":"publish","type":"page","link":"https:\/\/brageac.fr\/index.php\/patrimoine\/","title":{"rendered":"Patrimoine"},"content":{"rendered":"\t\t<div data-elementor-type=\"wp-page\" data-elementor-id=\"389\" class=\"elementor elementor-389\">\n\t\t\t\t\t\t<section class=\"elementor-section elementor-top-section elementor-element elementor-element-2b68a4fd elementor-section-boxed elementor-section-height-default elementor-section-height-default\" data-id=\"2b68a4fd\" data-element_type=\"section\" data-e-type=\"section\">\n\t\t\t\t\t\t<div class=\"elementor-container elementor-column-gap-default\">\n\t\t\t\t\t<div class=\"elementor-column elementor-col-100 elementor-top-column elementor-element elementor-element-11ca4690\" data-id=\"11ca4690\" data-element_type=\"column\" data-e-type=\"column\">\n\t\t\t<div class=\"elementor-widget-wrap elementor-element-populated\">\n\t\t\t\t\t\t<div class=\"elementor-element elementor-element-4014db3b elementor-widget elementor-widget-text-editor\" data-id=\"4014db3b\" data-element_type=\"widget\" data-e-type=\"widget\" data-widget_type=\"text-editor.default\">\n\t\t\t\t<div class=\"elementor-widget-container\">\n\t\t\t\t\t\t\t\t\t\n<h3 class=\"wp-block-heading\">\u00c9glise Notre-Dame-de-l&rsquo;Assomption<\/h3>\n\n\n\n<iframe title=\"Brageac, petit chef d&#039;oeuvre d&#039;art roman - Secrets d&#039;\u00e9glise\" width=\"800\" height=\"450\" src=\"https:\/\/www.youtube.com\/embed\/6S2XDNN-sGA?feature=oembed\" frameborder=\"0\" allow=\"accelerometer; autoplay; clipboard-write; encrypted-media; gyroscope; picture-in-picture; web-share\" allowfullscreen><\/iframe>\n\n\n\n\n<p>Elle est aussi appel\u00e9e \u00e9glise Saint-Thibaud. L&rsquo;abbaye aurait \u00e9t\u00e9 fond\u00e9e au d\u00e9but du XII<sup>e<\/sup>&nbsp;si\u00e8cle par Guy et Raoul de Scorailles \u00e0 leur retour de la croisade d&rsquo;o\u00f9 ils auraient ramen\u00e9 les chefs de saint C\u00f4me et saint Damien. Elle est situ\u00e9e sur un promontoire dominant la vall\u00e9e de l&rsquo;Auze. L&rsquo;abbaye de religieuses a \u00e9t\u00e9 une abbaye royale. L&rsquo;abbesse \u00e9tait nomm\u00e9e par le roi.<br>Au VII<sup>e<\/sup>&nbsp;si\u00e8cle, Tillon, n\u00e9 vers <a href=\"https:\/\/fr.wikipedia.org\/wiki\/610\" target=\"_blank\" rel=\"noopener\">610<\/a>, un jeune fils d&rsquo;un chef saxon battu par <a href=\"https:\/\/fr.wikipedia.org\/wiki\/Clotaire_II\" target=\"_blank\" rel=\"noopener\">Clotaire II<\/a>, vers 622, est vendu comme esclave. Apr\u00e8s avoir \u00e9t\u00e9 achet\u00e9 par <a href=\"https:\/\/fr.wikipedia.org\/wiki\/%C3%89loi_de_Noyon\" target=\"_blank\" rel=\"noopener\">saint \u00c9loi<\/a> il a re\u00e7u une \u00e9ducation chr\u00e9tienne \u00e0 l&rsquo;<a href=\"https:\/\/fr.wikipedia.org\/wiki\/Abbaye_de_Solignac\" target=\"_blank\" rel=\"noopener\">abbaye de Solignac<\/a>. Il suivit en <a href=\"https:\/\/fr.wikipedia.org\/wiki\/640\" target=\"_blank\" rel=\"noopener\">640<\/a> saint \u00c9loi quand il fut nomm\u00e9 \u00e9v\u00eaque de Noyon et de Tournai pour \u00e9vang\u00e9liser les Saxons. Il se retira en <a href=\"https:\/\/fr.wikipedia.org\/wiki\/659\" target=\"_blank\" rel=\"noopener\">659<\/a> comme ermite \u00e0 Brageac o\u00f9 il aurait fond\u00e9 une abbaye. Il est revenu pr\u00e8s de Solignac, au <a href=\"https:\/\/fr.wikipedia.org\/wiki\/Le_Vigen\" target=\"_blank\" rel=\"noopener\">Vigen<\/a>, en <a href=\"https:\/\/fr.wikipedia.org\/wiki\/697\" target=\"_blank\" rel=\"noopener\">697<\/a>. Il serait mort en <a href=\"https:\/\/fr.wikipedia.org\/wiki\/702\" target=\"_blank\" rel=\"noopener\">702<\/a> \u00e0 Solignac. Il est v\u00e9n\u00e9r\u00e9 sous le nom de saint Till ou saint Th\u00e9au. L&rsquo;abbaye aurait \u00e9t\u00e9 d\u00e9truite en <a href=\"https:\/\/fr.wikipedia.org\/wiki\/732\" target=\"_blank\" rel=\"noopener\">732<\/a> par les Sarrasins.<\/p>\n\n\n\n<figure class=\"wp-block-image size-large\"><img fetchpriority=\"high\" decoding=\"async\" width=\"1024\" height=\"685\" src=\"http:\/\/brageac.fr\/wp-content\/uploads\/2022\/08\/Eglise_Saint-Thibaud_de_Brageac-1024x685.jpg\" alt=\"\" class=\"wp-image-486\" srcset=\"https:\/\/brageac.fr\/wp-content\/uploads\/2022\/08\/Eglise_Saint-Thibaud_de_Brageac-1024x685.jpg 1024w, https:\/\/brageac.fr\/wp-content\/uploads\/2022\/08\/Eglise_Saint-Thibaud_de_Brageac-300x201.jpg 300w\" sizes=\"(max-width: 1024px) 100vw, 1024px\" \/><figcaption>SONY DSC<\/figcaption><\/figure>\n\n\n\n<p><\/p>\n\n\n\n<p>L&rsquo;\u00e9glise d\u00e9di\u00e9e \u00e0 Notre-Dame-de-l&rsquo;Assomption, \u00e0 <a href=\"https:\/\/fr.wikipedia.org\/wiki\/C%C3%B4me_et_Damien\" target=\"_blank\" rel=\"noopener\">saint C\u00f4me et saint Damien<\/a> a \u00e9t\u00e9 construite pr\u00e8s de la cellule de saint Till, entre <a href=\"https:\/\/fr.wikipedia.org\/wiki\/1151\" target=\"_blank\" rel=\"noopener\">1151<\/a> et <a href=\"https:\/\/fr.wikipedia.org\/wiki\/1174\" target=\"_blank\" rel=\"noopener\">1174<\/a>, par Matfred de Scorailles, doyen du monast\u00e8re Saint-Pierre de <a href=\"https:\/\/fr.wikipedia.org\/wiki\/Mauriac_(Cantal)\" target=\"_blank\" rel=\"noopener\">Mauriac<\/a>. \u00c9tant donn\u00e9 que <a href=\"https:\/\/fr.wikipedia.org\/wiki\/C%C3%B4me_et_Damien\" target=\"_blank\" rel=\"noopener\">saints C\u00f4me et Damien<\/a> sont patrons de chirurgiens et de pharmaciens, cette \u00e9glise abbatiale est devenue, au Moyen \u00c2ge, un haut lieu pour les grands m\u00e9decins fran\u00e7ais.<br>Selon l&rsquo;affichage dans l&rsquo;\u00e9glise, sa cloche serait la plus ancienne du Cantal, et porte une inscription&nbsp;: \u00ab&nbsp;IHS \u2022 MA \u2022 SANCTAM MANTEM SPONTANNAM HONOREM DEO &#8211; L&rsquo;AN MCCCCLXVI (\u00c2me Sainte, toujours d\u00e9vou\u00e9e pour l&rsquo;honneur de Dieu, <a href=\"https:\/\/fr.wikipedia.org\/wiki\/1466\" target=\"_blank\" rel=\"noopener\">1466<\/a>), M.H. 30.6.1908&nbsp;\u00bb<\/p>\n\n\n\n<p> La <em>Gallia Christiana<\/em> \u00e9crit que Gilberte Aultier de Villemont\u00e9e, abbesse de <a href=\"https:\/\/fr.wikipedia.org\/wiki\/1679\" target=\"_blank\" rel=\"noopener\">1679<\/a> \u00e0 <a href=\"https:\/\/fr.wikipedia.org\/wiki\/1716\" target=\"_blank\" rel=\"noopener\">1716<\/a>, \u00ab&nbsp;refit le ch\u0153ur et la nef de l&rsquo;\u00e9glise tomb\u00e9e de v\u00e9tust\u00e9&nbsp;\u00bb. Cette reprise a consist\u00e9 \u00e0 refaire la tribune o\u00f9 se tenaient les dames et les grandes arcades et les vo\u00fbtes d&rsquo;ar\u00eates des bas-c\u00f4t\u00e9s. Au XIX<sup>e<\/sup>&nbsp;si\u00e8cle, il n&rsquo;y avait qu&rsquo;un lambris pour la nef. En <a href=\"https:\/\/fr.wikipedia.org\/wiki\/1847\" target=\"_blank\" rel=\"noopener\">1847<\/a>, on constate que l&rsquo;\u00e9glise est en mauvais \u00e9tat. Aussi on entreprend des travaux de restauration en <a href=\"https:\/\/fr.wikipedia.org\/wiki\/1863\" target=\"_blank\" rel=\"noopener\">1863<\/a> apr\u00e8s son classement comme <a href=\"https:\/\/fr.wikipedia.org\/wiki\/Monument_historique_(France)\" target=\"_blank\" rel=\"noopener\">Monument historique<\/a> en <a href=\"https:\/\/fr.wikipedia.org\/wiki\/1862\" target=\"_blank\" rel=\"noopener\">1862<\/a>. La nef comptait quatre trav\u00e9es jusqu&rsquo;en <a href=\"https:\/\/fr.wikipedia.org\/wiki\/1863\" target=\"_blank\" rel=\"noopener\">1863<\/a> et n&rsquo;en compte plus que trois.<\/p>\n\n\n\n<figure class=\"wp-block-image size-large\"><img decoding=\"async\" width=\"683\" height=\"1024\" src=\"http:\/\/brageac.fr\/wp-content\/uploads\/2022\/08\/Brageac_-_Eglise_Saint-Thibaud_-_06-683x1024.jpg\" alt=\"\" class=\"wp-image-485\" srcset=\"https:\/\/brageac.fr\/wp-content\/uploads\/2022\/08\/Brageac_-_Eglise_Saint-Thibaud_-_06-683x1024.jpg 683w, https:\/\/brageac.fr\/wp-content\/uploads\/2022\/08\/Brageac_-_Eglise_Saint-Thibaud_-_06-200x300.jpg 200w, https:\/\/brageac.fr\/wp-content\/uploads\/2022\/08\/Brageac_-_Eglise_Saint-Thibaud_-_06-768x1152.jpg 768w, https:\/\/brageac.fr\/wp-content\/uploads\/2022\/08\/Brageac_-_Eglise_Saint-Thibaud_-_06.jpg 788w\" sizes=\"(max-width: 683px) 100vw, 683px\" \/><figcaption>Absidiole gauche<\/figcaption><\/figure>\n\n\n\n<figure class=\"wp-block-image size-large\"><img decoding=\"async\" width=\"683\" height=\"1024\" src=\"http:\/\/brageac.fr\/wp-content\/uploads\/2022\/08\/Brageac_-_Eglise_Saint-Thibaud_-_02-683x1024.jpg\" alt=\"\" class=\"wp-image-484\" srcset=\"https:\/\/brageac.fr\/wp-content\/uploads\/2022\/08\/Brageac_-_Eglise_Saint-Thibaud_-_02-683x1024.jpg 683w, https:\/\/brageac.fr\/wp-content\/uploads\/2022\/08\/Brageac_-_Eglise_Saint-Thibaud_-_02-200x300.jpg 200w, https:\/\/brageac.fr\/wp-content\/uploads\/2022\/08\/Brageac_-_Eglise_Saint-Thibaud_-_02-768x1152.jpg 768w, https:\/\/brageac.fr\/wp-content\/uploads\/2022\/08\/Brageac_-_Eglise_Saint-Thibaud_-_02.jpg 988w\" sizes=\"(max-width: 683px) 100vw, 683px\" \/><figcaption>Nef et ch\u0153ur<\/figcaption><\/figure>\n\n\n\n<figure class=\"wp-block-image size-large\"><img loading=\"lazy\" decoding=\"async\" width=\"683\" height=\"1024\" src=\"http:\/\/brageac.fr\/wp-content\/uploads\/2022\/08\/Brageac_-_Eglise_Saint-Thibaud_-_03-683x1024.jpg\" alt=\"\" class=\"wp-image-483\" srcset=\"https:\/\/brageac.fr\/wp-content\/uploads\/2022\/08\/Brageac_-_Eglise_Saint-Thibaud_-_03-683x1024.jpg 683w, https:\/\/brageac.fr\/wp-content\/uploads\/2022\/08\/Brageac_-_Eglise_Saint-Thibaud_-_03-200x300.jpg 200w, https:\/\/brageac.fr\/wp-content\/uploads\/2022\/08\/Brageac_-_Eglise_Saint-Thibaud_-_03-768x1152.jpg 768w, https:\/\/brageac.fr\/wp-content\/uploads\/2022\/08\/Brageac_-_Eglise_Saint-Thibaud_-_03.jpg 958w\" sizes=\"(max-width: 683px) 100vw, 683px\" \/><figcaption>Chapiteau orn\u00e9 de cerfs broutant un arbuste<\/figcaption><\/figure>\n\n\n\n<figure class=\"wp-block-image size-large\"><img loading=\"lazy\" decoding=\"async\" width=\"1024\" height=\"768\" src=\"http:\/\/brageac.fr\/wp-content\/uploads\/2022\/08\/Chefs_de_Saint-Come_et_Saint-Damien_patrons_de_la_paroisse_de_Brageac_-_Cantal-1024x768.jpg\" alt=\"\" class=\"wp-image-482\" srcset=\"https:\/\/brageac.fr\/wp-content\/uploads\/2022\/08\/Chefs_de_Saint-Come_et_Saint-Damien_patrons_de_la_paroisse_de_Brageac_-_Cantal-1024x768.jpg 1024w, https:\/\/brageac.fr\/wp-content\/uploads\/2022\/08\/Chefs_de_Saint-Come_et_Saint-Damien_patrons_de_la_paroisse_de_Brageac_-_Cantal-300x225.jpg 300w, https:\/\/brageac.fr\/wp-content\/uploads\/2022\/08\/Chefs_de_Saint-Come_et_Saint-Damien_patrons_de_la_paroisse_de_Brageac_-_Cantal-768x576.jpg 768w, https:\/\/brageac.fr\/wp-content\/uploads\/2022\/08\/Chefs_de_Saint-Come_et_Saint-Damien_patrons_de_la_paroisse_de_Brageac_-_Cantal-1536x1152.jpg 1536w, https:\/\/brageac.fr\/wp-content\/uploads\/2022\/08\/Chefs_de_Saint-Come_et_Saint-Damien_patrons_de_la_paroisse_de_Brageac_-_Cantal-1568x1176.jpg 1568w, https:\/\/brageac.fr\/wp-content\/uploads\/2022\/08\/Chefs_de_Saint-Come_et_Saint-Damien_patrons_de_la_paroisse_de_Brageac_-_Cantal.jpg 2016w\" sizes=\"(max-width: 1024px) 100vw, 1024px\" \/><figcaption>Chefs de saint C\u00f4me et saint Damien, patrons de la paroisse de Brageac<\/figcaption><\/figure>\n\n\n\n<figure class=\"wp-block-image size-large\"><img loading=\"lazy\" decoding=\"async\" width=\"667\" height=\"1024\" src=\"http:\/\/brageac.fr\/wp-content\/uploads\/2022\/08\/Eglise_Saint-Thibaud_de_Brageac_1-667x1024.jpg\" alt=\"\" class=\"wp-image-481\" srcset=\"https:\/\/brageac.fr\/wp-content\/uploads\/2022\/08\/Eglise_Saint-Thibaud_de_Brageac_1-667x1024.jpg 667w, https:\/\/brageac.fr\/wp-content\/uploads\/2022\/08\/Eglise_Saint-Thibaud_de_Brageac_1-195x300.jpg 195w, https:\/\/brageac.fr\/wp-content\/uploads\/2022\/08\/Eglise_Saint-Thibaud_de_Brageac_1-768x1180.jpg 768w, https:\/\/brageac.fr\/wp-content\/uploads\/2022\/08\/Eglise_Saint-Thibaud_de_Brageac_1.jpg 1000w\" sizes=\"(max-width: 667px) 100vw, 667px\" \/><figcaption>Abside romane<\/figcaption><\/figure>\n\t\t\t\t\t\t\t\t<\/div>\n\t\t\t\t<\/div>\n\t\t\t\t\t<\/div>\n\t\t<\/div>\n\t\t\t\t\t<\/div>\n\t\t<\/section>\n\t\t\t\t<section class=\"elementor-section elementor-top-section elementor-element elementor-element-f0e8170 elementor-section-boxed elementor-section-height-default elementor-section-height-default\" data-id=\"f0e8170\" data-element_type=\"section\" data-e-type=\"section\">\n\t\t\t\t\t\t<div class=\"elementor-container elementor-column-gap-default\">\n\t\t\t\t\t<div class=\"elementor-column elementor-col-100 elementor-top-column elementor-element elementor-element-e854d0a\" data-id=\"e854d0a\" data-element_type=\"column\" data-e-type=\"column\">\n\t\t\t<div class=\"elementor-widget-wrap elementor-element-populated\">\n\t\t\t\t\t\t<div class=\"elementor-element elementor-element-0cbdab1 elementor-widget elementor-widget-heading\" data-id=\"0cbdab1\" data-element_type=\"widget\" data-e-type=\"widget\" data-widget_type=\"heading.default\">\n\t\t\t\t<div class=\"elementor-widget-container\">\n\t\t\t\t\t<h2 class=\"elementor-heading-title elementor-size-default\">Ermitage de Saint Til<\/h2>\t\t\t\t<\/div>\n\t\t\t\t<\/div>\n\t\t\t\t\t<\/div>\n\t\t<\/div>\n\t\t\t\t\t<\/div>\n\t\t<\/section>\n\t\t\t\t<section class=\"elementor-section elementor-top-section elementor-element elementor-element-c199774 elementor-section-boxed elementor-section-height-default elementor-section-height-default\" data-id=\"c199774\" data-element_type=\"section\" data-e-type=\"section\">\n\t\t\t\t\t\t<div class=\"elementor-container elementor-column-gap-default\">\n\t\t\t\t\t<div class=\"elementor-column elementor-col-100 elementor-top-column elementor-element elementor-element-344abdf\" data-id=\"344abdf\" data-element_type=\"column\" data-e-type=\"column\">\n\t\t\t<div class=\"elementor-widget-wrap elementor-element-populated\">\n\t\t\t\t\t\t<div class=\"elementor-element elementor-element-5c5ec1a elementor-widget elementor-widget-text-editor\" data-id=\"5c5ec1a\" data-element_type=\"widget\" data-e-type=\"widget\" data-widget_type=\"text-editor.default\">\n\t\t\t\t<div class=\"elementor-widget-container\">\n\t\t\t\t\t\t\t\t\t<p>Vers l&rsquo;an 635, sous le r\u00e8gne de\u00a0<span class=\"nowrap\">Dagobert\u00a0<abbr class=\"abbr\" title=\"premier\"><span class=\"romain\">I<\/span><sup>er<\/sup><\/abbr><\/span>, le sort des armes fait tomber entre les mains des\u00a0<a title=\"Francs\" href=\"https:\/\/fr.wikipedia.org\/wiki\/Francs\" target=\"_blank\" rel=\"noopener\">Francs<\/a>\u00a0un noble\u00a0<a title=\"Saxons\" href=\"https:\/\/fr.wikipedia.org\/wiki\/Saxons\" target=\"_blank\" rel=\"noopener\">saxon<\/a>\u00a0nomm\u00e9 Tillo<sup id=\"cite_ref-Deribier_3-0\" class=\"reference\"><a href=\"https:\/\/fr.wikipedia.org\/wiki\/%C3%89glise_Saint-Thibaud_de_Brageac#cite_note-Deribier-3\" target=\"_blank\" rel=\"noopener\">3<\/a><\/sup>.<\/p>\n<p><a title=\"\u00c9loi de Noyon\" href=\"https:\/\/fr.wikipedia.org\/wiki\/%C3%89loi_de_Noyon\" target=\"_blank\" rel=\"noopener\">Saint Eloi<\/a>\u00a0rach\u00e8te le jeune Saxon, l&rsquo;affranchit en pr\u00e9sence du roi, l&rsquo;initie au\u00a0<a title=\"Christianisme\" href=\"https:\/\/fr.wikipedia.org\/wiki\/Christianisme\" target=\"_blank\" rel=\"noopener\">christianisme<\/a>\u00a0et le fait entrer \u00e0 l&rsquo;<a class=\"mw-redirect\" title=\"Abbaye de Solignac\" href=\"https:\/\/fr.wikipedia.org\/wiki\/Abbaye_de_Solignac\" target=\"_blank\" rel=\"noopener\">abbaye de Solignac<\/a>\u00a0qu&rsquo;il avait fond\u00e9e en\u00a0<a title=\"Limousin (province)\" href=\"https:\/\/fr.wikipedia.org\/wiki\/Limousin_(province)\" target=\"_blank\" rel=\"noopener\">Limousin<\/a><sup id=\"cite_ref-Deribier_3-1\" class=\"reference\"><a href=\"https:\/\/fr.wikipedia.org\/wiki\/%C3%89glise_Saint-Thibaud_de_Brageac#cite_note-Deribier-3\" target=\"_blank\" rel=\"noopener\">3<\/a><\/sup>.<\/p>\n<p>Tillo (ou Til) demeure quelque temps \u00e0 Solignac avant de recevoir d&rsquo;\u00c9loi la mission de se rendre en\u00a0<a class=\"mw-redirect\" title=\"Gaule Belgique\" href=\"https:\/\/fr.wikipedia.org\/wiki\/Gaule_Belgique\" target=\"_blank\" rel=\"noopener\">Gaule Belgique<\/a>\u00a0pour convertir \u00e0 la religion chr\u00e9tienne les Su\u00e8ves et les Frisons qui s&rsquo;\u00e9taient \u00e9tablis sur les bords de la mer dans les environs d&rsquo;<a title=\"Anvers\" href=\"https:\/\/fr.wikipedia.org\/wiki\/Anvers\" target=\"_blank\" rel=\"noopener\">Anvers<\/a><sup id=\"cite_ref-Deribier_3-2\" class=\"reference\"><a href=\"https:\/\/fr.wikipedia.org\/wiki\/%C3%89glise_Saint-Thibaud_de_Brageac#cite_note-Deribier-3\" target=\"_blank\" rel=\"noopener\">3<\/a><\/sup>.<\/p>\n<p>Apr\u00e8s avoir consacr\u00e9 une partie de sa jeunesse \u00e0 cet apostolat, il rentre \u00e0 Solignac dont il devient le second abb\u00e9<sup id=\"cite_ref-Chabau_1-1\" class=\"reference\"><a href=\"https:\/\/fr.wikipedia.org\/wiki\/%C3%89glise_Saint-Thibaud_de_Brageac#cite_note-Chabau-1\" target=\"_blank\" rel=\"noopener\">1<\/a><\/sup><sup class=\"reference cite_virgule\">,<\/sup><sup id=\"cite_ref-Deribier_3-3\" class=\"reference\"><a href=\"https:\/\/fr.wikipedia.org\/wiki\/%C3%89glise_Saint-Thibaud_de_Brageac#cite_note-Deribier-3\" target=\"_blank\" rel=\"noopener\">3<\/a><\/sup>.<\/p>\n<p>Vers 659, Til se retire pour mener une vie d&rsquo;<a title=\"Ermite\" href=\"https:\/\/fr.wikipedia.org\/wiki\/Ermite\" target=\"_blank\" rel=\"noopener\">ermite<\/a>\u00a0: il \u00e9tablit sa cellule dans les gorges d\u00e9sertes de la vall\u00e9e d&rsquo;Auze, dans ce que l&rsquo;on appelle aujourd&rsquo;hui la\u00a0<i>Grotte de Saint-Til<\/i><sup id=\"cite_ref-Chabau_1-2\" class=\"reference\"><a href=\"https:\/\/fr.wikipedia.org\/wiki\/%C3%89glise_Saint-Thibaud_de_Brageac#cite_note-Chabau-1\" target=\"_blank\" rel=\"noopener\">1<\/a><\/sup><sup class=\"reference cite_virgule\">,<\/sup><sup id=\"cite_ref-Deribier_3-4\" class=\"reference\"><a href=\"https:\/\/fr.wikipedia.org\/wiki\/%C3%89glise_Saint-Thibaud_de_Brageac#cite_note-Deribier-3\" target=\"_blank\" rel=\"noopener\">3<\/a><\/sup><sup class=\"reference cite_virgule\">,<\/sup><sup id=\"cite_ref-R_4-0\" class=\"reference\"><a href=\"https:\/\/fr.wikipedia.org\/wiki\/%C3%89glise_Saint-Thibaud_de_Brageac#cite_note-R-4\" target=\"_blank\" rel=\"noopener\">4<\/a><\/sup>, l\u00e0 o\u00f9 se trouve maintenant Brageac.<\/p>\t\t\t\t\t\t\t\t<\/div>\n\t\t\t\t<\/div>\n\t\t\t\t\t<\/div>\n\t\t<\/div>\n\t\t\t\t\t<\/div>\n\t\t<\/section>\n\t\t\t\t<\/div>\n\t\t","protected":false},"excerpt":{"rendered":"<p>\u00c9glise Notre-Dame-de-l&rsquo;Assomption Elle est aussi appel\u00e9e \u00e9glise Saint-Thibaud. L&rsquo;abbaye aurait \u00e9t\u00e9 fond\u00e9e au d\u00e9but du XIIe&nbsp;si\u00e8cle par Guy et Raoul de Scorailles \u00e0 leur retour de la croisade d&rsquo;o\u00f9 ils auraient ramen\u00e9 les chefs de saint C\u00f4me et saint Damien. Elle est situ\u00e9e sur un promontoire dominant la vall\u00e9e de l&rsquo;Auze. L&rsquo;abbaye de religieuses a [&hellip;]<\/p>\n","protected":false},"author":1,"featured_media":0,"parent":0,"menu_order":0,"comment_status":"closed","ping_status":"closed","template":"","meta":{"footnotes":""},"class_list":["post-389","page","type-page","status-publish","hentry"],"_links":{"self":[{"href":"https:\/\/brageac.fr\/index.php\/wp-json\/wp\/v2\/pages\/389","targetHints":{"allow":["GET"]}}],"collection":[{"href":"https:\/\/brageac.fr\/index.php\/wp-json\/wp\/v2\/pages"}],"about":[{"href":"https:\/\/brageac.fr\/index.php\/wp-json\/wp\/v2\/types\/page"}],"author":[{"embeddable":true,"href":"https:\/\/brageac.fr\/index.php\/wp-json\/wp\/v2\/users\/1"}],"replies":[{"embeddable":true,"href":"https:\/\/brageac.fr\/index.php\/wp-json\/wp\/v2\/comments?post=389"}],"version-history":[{"count":14,"href":"https:\/\/brageac.fr\/index.php\/wp-json\/wp\/v2\/pages\/389\/revisions"}],"predecessor-version":[{"id":1193,"href":"https:\/\/brageac.fr\/index.php\/wp-json\/wp\/v2\/pages\/389\/revisions\/1193"}],"wp:attachment":[{"href":"https:\/\/brageac.fr\/index.php\/wp-json\/wp\/v2\/media?parent=389"}],"curies":[{"name":"wp","href":"https:\/\/api.w.org\/{rel}","templated":true}]}}