{"id":363,"date":"2022-08-13T09:06:28","date_gmt":"2022-08-13T09:06:28","guid":{"rendered":"http:\/\/brageac.fr\/?page_id=363"},"modified":"2026-05-01T10:07:33","modified_gmt":"2026-05-01T10:07:33","slug":"equipe-municipale","status":"publish","type":"page","link":"https:\/\/brageac.fr\/index.php\/equipe-municipale\/","title":{"rendered":"\u00c9quipe municipale"},"content":{"rendered":"\t\t<div data-elementor-type=\"wp-page\" data-elementor-id=\"363\" class=\"elementor elementor-363\">\n\t\t\t\t\t\t<section class=\"elementor-section elementor-top-section elementor-element elementor-element-0a9e4fd elementor-section-boxed elementor-section-height-default elementor-section-height-default\" data-id=\"0a9e4fd\" data-element_type=\"section\" data-e-type=\"section\">\n\t\t\t\t\t\t<div class=\"elementor-container elementor-column-gap-default\">\n\t\t\t\t\t<div class=\"elementor-column elementor-col-100 elementor-top-column elementor-element elementor-element-27c42ae\" data-id=\"27c42ae\" data-element_type=\"column\" data-e-type=\"column\">\n\t\t\t<div class=\"elementor-widget-wrap elementor-element-populated\">\n\t\t\t\t\t\t<div class=\"elementor-element elementor-element-c1f16ac elementor-widget elementor-widget-heading\" data-id=\"c1f16ac\" data-element_type=\"widget\" data-e-type=\"widget\" data-widget_type=\"heading.default\">\n\t\t\t\t<div class=\"elementor-widget-container\">\n\t\t\t\t\t<h2 class=\"elementor-heading-title elementor-size-default\">Equipe Municipale 2026 : R\u00e9gine BREUIL : Maire -  Francis BLANCHER : 1er Adjoint - Thierry LAYGUES : Conseiller D\u00e9l\u00e9gu\u00e9<\/h2>\t\t\t\t<\/div>\n\t\t\t\t<\/div>\n\t\t\t\t\t<\/div>\n\t\t<\/div>\n\t\t\t\t\t<\/div>\n\t\t<\/section>\n\t\t\t\t<section class=\"elementor-section elementor-top-section elementor-element elementor-element-7e14abb elementor-section-boxed elementor-section-height-default elementor-section-height-default\" data-id=\"7e14abb\" data-element_type=\"section\" data-e-type=\"section\">\n\t\t\t\t\t\t<div class=\"elementor-container elementor-column-gap-default\">\n\t\t\t\t\t<div class=\"elementor-column elementor-col-100 elementor-top-column elementor-element elementor-element-eaf16f7\" data-id=\"eaf16f7\" data-element_type=\"column\" data-e-type=\"column\">\n\t\t\t<div class=\"elementor-widget-wrap elementor-element-populated\">\n\t\t\t\t\t\t<div class=\"elementor-element elementor-element-d92d5d9 elementor-widget elementor-widget-image\" data-id=\"d92d5d9\" data-element_type=\"widget\" data-e-type=\"widget\" data-widget_type=\"image.default\">\n\t\t\t\t<div class=\"elementor-widget-container\">\n\t\t\t\t\t\t\t\t\t\t\t\t<figure class=\"wp-caption\">\n\t\t\t\t\t\t\t\t\t\t<img fetchpriority=\"high\" decoding=\"async\" width=\"1536\" height=\"1152\" src=\"https:\/\/brageac.fr\/wp-content\/uploads\/2026\/05\/IMG-20260222-WA0005-1536x1152.jpg\" class=\"attachment-1536x1536 size-1536x1536 wp-image-1648\" alt=\"\" srcset=\"https:\/\/brageac.fr\/wp-content\/uploads\/2026\/05\/IMG-20260222-WA0005-1536x1152.jpg 1536w, https:\/\/brageac.fr\/wp-content\/uploads\/2026\/05\/IMG-20260222-WA0005-300x225.jpg 300w, https:\/\/brageac.fr\/wp-content\/uploads\/2026\/05\/IMG-20260222-WA0005-1024x768.jpg 1024w, https:\/\/brageac.fr\/wp-content\/uploads\/2026\/05\/IMG-20260222-WA0005-768x576.jpg 768w, https:\/\/brageac.fr\/wp-content\/uploads\/2026\/05\/IMG-20260222-WA0005.jpg 1600w\" sizes=\"(max-width: 1536px) 100vw, 1536px\" \/>\t\t\t\t\t\t\t\t\t\t\t<figcaption class=\"widget-image-caption wp-caption-text\">Gis\u00e8le PLAT - Thierry LAYGUES - Vincent ANNET- R\u00e9gine BREUIL - Francis BLANCHER - Jennifer MAGNE - Val\u00e9rie DAYRAL<\/figcaption>\n\t\t\t\t\t\t\t\t\t\t<\/figure>\n\t\t\t\t\t\t\t\t\t<\/div>\n\t\t\t\t<\/div>\n\t\t\t\t<div class=\"elementor-element elementor-element-7023fe9 elementor-widget-divider--view-line elementor-widget elementor-widget-divider\" data-id=\"7023fe9\" data-element_type=\"widget\" data-e-type=\"widget\" data-widget_type=\"divider.default\">\n\t\t\t\t<div class=\"elementor-widget-container\">\n\t\t\t\t\t\t\t<div class=\"elementor-divider\">\n\t\t\t<span class=\"elementor-divider-separator\">\n\t\t\t\t\t\t<\/span>\n\t\t<\/div>\n\t\t\t\t\t\t<\/div>\n\t\t\t\t<\/div>\n\t\t\t\t\t<\/div>\n\t\t<\/div>\n\t\t\t\t\t<\/div>\n\t\t<\/section>\n\t\t\t\t<section class=\"elementor-section elementor-top-section elementor-element elementor-element-67da990 elementor-section-boxed elementor-section-height-default elementor-section-height-default\" data-id=\"67da990\" data-element_type=\"section\" data-e-type=\"section\">\n\t\t\t\t\t\t<div class=\"elementor-container elementor-column-gap-default\">\n\t\t\t\t\t<div class=\"elementor-column elementor-col-100 elementor-top-column elementor-element elementor-element-a531df2\" data-id=\"a531df2\" data-element_type=\"column\" data-e-type=\"column\">\n\t\t\t<div class=\"elementor-widget-wrap elementor-element-populated\">\n\t\t\t\t\t\t<div class=\"elementor-element elementor-element-7c5b918 elementor-widget elementor-widget-heading\" data-id=\"7c5b918\" data-element_type=\"widget\" data-e-type=\"widget\" data-widget_type=\"heading.default\">\n\t\t\t\t<div class=\"elementor-widget-container\">\n\t\t\t\t\t<h2 class=\"elementor-heading-title elementor-size-default\">Equipe municipale 2020-2026 : R\u00e9gine BREUIL : Maire - Francis BLANCHER : 1er Adjoint - Bruno GIBARU : 2\u00e8me Adjoint<\/h2>\t\t\t\t<\/div>\n\t\t\t\t<\/div>\n\t\t\t\t\t<\/div>\n\t\t<\/div>\n\t\t\t\t\t<\/div>\n\t\t<\/section>\n\t\t\t\t<section class=\"elementor-section elementor-top-section elementor-element elementor-element-8252a9b elementor-section-boxed elementor-section-height-default elementor-section-height-default\" data-id=\"8252a9b\" data-element_type=\"section\" data-e-type=\"section\">\n\t\t\t\t\t\t<div class=\"elementor-container elementor-column-gap-default\">\n\t\t\t\t\t<div class=\"elementor-column elementor-col-100 elementor-top-column elementor-element elementor-element-9b91d32\" data-id=\"9b91d32\" data-element_type=\"column\" data-e-type=\"column\">\n\t\t\t<div class=\"elementor-widget-wrap\">\n\t\t\t\t\t\t\t<\/div>\n\t\t<\/div>\n\t\t\t\t\t<\/div>\n\t\t<\/section>\n\t\t\t\t<section class=\"elementor-section elementor-top-section elementor-element elementor-element-6aa96df elementor-section-boxed elementor-section-height-default elementor-section-height-default\" data-id=\"6aa96df\" data-element_type=\"section\" data-e-type=\"section\">\n\t\t\t\t\t\t<div class=\"elementor-container elementor-column-gap-default\">\n\t\t\t\t\t<div class=\"elementor-column elementor-col-100 elementor-top-column elementor-element elementor-element-88f7b39\" data-id=\"88f7b39\" data-element_type=\"column\" data-e-type=\"column\">\n\t\t\t<div class=\"elementor-widget-wrap elementor-element-populated\">\n\t\t\t\t\t\t<div class=\"elementor-element elementor-element-ef11409 elementor-widget elementor-widget-image\" data-id=\"ef11409\" data-element_type=\"widget\" data-e-type=\"widget\" data-widget_type=\"image.default\">\n\t\t\t\t<div class=\"elementor-widget-container\">\n\t\t\t\t\t\t\t\t\t\t\t\t<figure class=\"wp-caption\">\n\t\t\t\t\t\t\t\t\t\t<img decoding=\"async\" width=\"768\" height=\"632\" src=\"https:\/\/brageac.fr\/wp-content\/uploads\/2022\/08\/Brageac2020-scaled.jpg\" class=\"attachment-medium_large size-medium_large wp-image-495\" alt=\"\" srcset=\"https:\/\/brageac.fr\/wp-content\/uploads\/2022\/08\/Brageac2020-scaled.jpg 2560w, https:\/\/brageac.fr\/wp-content\/uploads\/2022\/08\/Brageac2020-300x247.jpg 300w, https:\/\/brageac.fr\/wp-content\/uploads\/2022\/08\/Brageac2020-1024x843.jpg 1024w\" sizes=\"(max-width: 768px) 100vw, 768px\" \/>\t\t\t\t\t\t\t\t\t\t\t<figcaption class=\"widget-image-caption wp-caption-text\">Thierry LAYGUES - Marie Th\u00e9r\u00e8se DELAHAYE - Francis BLANCHER - Fr\u00e9d\u00e9ric LALO - R\u00e9gine BREUIL - Michel FAURIAC - Bruno GIBARU<\/figcaption>\n\t\t\t\t\t\t\t\t\t\t<\/figure>\n\t\t\t\t\t\t\t\t\t<\/div>\n\t\t\t\t<\/div>\n\t\t\t\t<div class=\"elementor-element elementor-element-624b9ef elementor-widget elementor-widget-text-editor\" data-id=\"624b9ef\" data-element_type=\"widget\" data-e-type=\"widget\" data-widget_type=\"text-editor.default\">\n\t\t\t\t<div class=\"elementor-widget-container\">\n\t\t\t\t\t\t\t\t\t<p>Bienvenue sur le site de la mairie de votre village ! Nous sommes heureux de vous pr\u00e9senter ici la vie municipale de notre commune.<\/p>\n<p>La municipalit\u00e9 de notre village est engag\u00e9e dans une politique dynamique et ambitieuse pour am\u00e9liorer la qualit\u00e9 de vie de ses habitants. Elle s&rsquo;attache \u00e0 d\u00e9velopper les services publics de proximit\u00e9, \u00e0 favoriser l&rsquo;attractivit\u00e9 du village et \u00e0 pr\u00e9server son environnement.<\/p>\n<p>Nous sommes \u00e0 l&rsquo;\u00e9coute de leurs pr\u00e9occupations et nous nous effor\u00e7ons de les associer \u00e0 la vie de la commune.<\/p>\n<p>Nous sommes \u00e9galement soucieux de l&rsquo;avenir de notre village. C&rsquo;est pourquoi nous avons mis en place des actions concr\u00e8tes pour pr\u00e9server notre patrimoine naturel.<\/p>\n<p>Nous vous invitons \u00e0 d\u00e9couvrir sur ce site toutes les informations utiles sur la vie municipale de notre ville : les \u00e9lus, les services publics, les projets en cours, les \u00e9v\u00e9nements \u00e0 venir, les d\u00e9marches administratives, etc.<\/p>\n<p>Nous sommes convaincus que la r\u00e9ussite de notre village passe par l&rsquo;engagement et la participation de tous. Nous comptons sur votre soutien et votre implication pour construire ensemble un avenir meilleur pour notre commune.<\/p>\t\t\t\t\t\t\t\t<\/div>\n\t\t\t\t<\/div>\n\t\t\t\t\t<\/div>\n\t\t<\/div>\n\t\t\t\t\t<\/div>\n\t\t<\/section>\n\t\t\t\t<section class=\"elementor-section elementor-top-section elementor-element elementor-element-a2c335e elementor-section-boxed elementor-section-height-default elementor-section-height-default\" data-id=\"a2c335e\" data-element_type=\"section\" data-e-type=\"section\">\n\t\t\t\t\t\t<div class=\"elementor-container elementor-column-gap-default\">\n\t\t\t\t\t<div class=\"elementor-column elementor-col-100 elementor-top-column elementor-element elementor-element-471e9c1\" data-id=\"471e9c1\" data-element_type=\"column\" data-e-type=\"column\">\n\t\t\t<div class=\"elementor-widget-wrap\">\n\t\t\t\t\t\t\t<\/div>\n\t\t<\/div>\n\t\t\t\t\t<\/div>\n\t\t<\/section>\n\t\t\t\t<\/div>\n\t\t","protected":false},"excerpt":{"rendered":"<p>Equipe Municipale 2026 : R\u00e9gine BREUIL : Maire &#8211; Francis BLANCHER : 1er Adjoint &#8211; Thierry LAYGUES : Conseiller D\u00e9l\u00e9gu\u00e9 Gis\u00e8le PLAT &#8211; Thierry LAYGUES &#8211; Vincent ANNET- R\u00e9gine BREUIL &#8211; Francis BLANCHER &#8211; Jennifer MAGNE &#8211; Val\u00e9rie DAYRAL Equipe municipale 2020-2026 : R\u00e9gine BREUIL : Maire &#8211; Francis BLANCHER : 1er Adjoint &#8211; Bruno [&hellip;]<\/p>\n","protected":false},"author":1,"featured_media":0,"parent":0,"menu_order":0,"comment_status":"closed","ping_status":"closed","template":"elementor_header_footer","meta":{"footnotes":""},"class_list":["post-363","page","type-page","status-publish","hentry"],"_links":{"self":[{"href":"https:\/\/brageac.fr\/index.php\/wp-json\/wp\/v2\/pages\/363","targetHints":{"allow":["GET"]}}],"collection":[{"href":"https:\/\/brageac.fr\/index.php\/wp-json\/wp\/v2\/pages"}],"about":[{"href":"https:\/\/brageac.fr\/index.php\/wp-json\/wp\/v2\/types\/page"}],"author":[{"embeddable":true,"href":"https:\/\/brageac.fr\/index.php\/wp-json\/wp\/v2\/users\/1"}],"replies":[{"embeddable":true,"href":"https:\/\/brageac.fr\/index.php\/wp-json\/wp\/v2\/comments?post=363"}],"version-history":[{"count":62,"href":"https:\/\/brageac.fr\/index.php\/wp-json\/wp\/v2\/pages\/363\/revisions"}],"predecessor-version":[{"id":1686,"href":"https:\/\/brageac.fr\/index.php\/wp-json\/wp\/v2\/pages\/363\/revisions\/1686"}],"wp:attachment":[{"href":"https:\/\/brageac.fr\/index.php\/wp-json\/wp\/v2\/media?parent=363"}],"curies":[{"name":"wp","href":"https:\/\/api.w.org\/{rel}","templated":true}]}}